{"id":4231,"date":"2022-10-10T15:43:36","date_gmt":"2022-10-10T13:43:36","guid":{"rendered":"https:\/\/weingut-rings.de\/?page_id=4231"},"modified":"2022-10-10T15:44:18","modified_gmt":"2022-10-10T13:44:18","slug":"funding-by-the-eu","status":"publish","type":"page","link":"https:\/\/weingut-rings.de\/en\/funding-by-the-eu\/","title":{"rendered":"Funding by the EU"},"content":{"rendered":"\n<p class=\"has-text-align-center\">Unser Unternehmen erh\u00e4lt im Rahmen des vom Ministerium f\u00fcr \nWirtschaft, Verkehr, Landwirtschaft und Weinbau verwalteten \nrheinland-pf\u00e4lzischen Entwicklungsprogramms \u201eUmweltma\u00dfnahmen, L\u00e4ndliche \nEntwicklung, Landwirtschaft, Ern\u00e4hrung\u201c (EULLE) durch den Europ\u00e4ischen \nLandwirtschaftsfonds f\u00fcr die Entwicklung des l\u00e4ndlichen Raums (ELER) \nkofinanziert durch das Land und den Bund im Rahmen der \nGemeinschaftsaufgabe \u201eVerbesserung der Agrarstruktur und des \nK\u00fcstenschutzes\u201c (GAK) eine F\u00f6rderung f\u00fcr seine Leistungen:<\/p>\n\n\n\n<p class=\"has-text-align-center\">im \u00d6kologischen Landbau<br>in der\/n Agrar- und Klimama\u00dfnahme(n):<br>\u00f6kologische Wirtschaftsweise im Unternehmen<\/p>\n\n\n\n<figure class=\"wp-block-gallery columns-3 is-cropped wp-block-gallery-1 is-layout-flex wp-block-gallery-is-layout-flex\"><ul class=\"blocks-gallery-grid\"><li class=\"blocks-gallery-item\"><figure><img loading=\"lazy\" decoding=\"async\" width=\"1024\" height=\"683\" src=\"https:\/\/weingut-rings.de\/wp-content\/uploads\/2020\/02\/weingut-rings-bmel-logo-1-1024x683.png\" alt=\"\" data-id=\"1192\" data-full-url=\"https:\/\/weingut-rings.de\/wp\/wp-content\/uploads\/2020\/02\/weingut-rings-bmel-logo-1.png\" data-link=\"https:\/\/weingut-rings.de\/weingut-rings-bmel-logo\/\" class=\"wp-image-1192\" srcset=\"https:\/\/weingut-rings.de\/wp-content\/uploads\/2020\/02\/weingut-rings-bmel-logo-1-1024x683.png 1024w, https:\/\/weingut-rings.de\/wp-content\/uploads\/2020\/02\/weingut-rings-bmel-logo-1-300x200.png 300w, https:\/\/weingut-rings.de\/wp-content\/uploads\/2020\/02\/weingut-rings-bmel-logo-1-768x512.png 768w, https:\/\/weingut-rings.de\/wp-content\/uploads\/2020\/02\/weingut-rings-bmel-logo-1-1536x1024.png 1536w, https:\/\/weingut-rings.de\/wp-content\/uploads\/2020\/02\/weingut-rings-bmel-logo-1.png 1683w\" sizes=\"(max-width: 1024px) 100vw, 1024px\" \/><\/figure><\/li><li class=\"blocks-gallery-item\"><figure><img loading=\"lazy\" decoding=\"async\" width=\"1024\" height=\"683\" src=\"https:\/\/weingut-rings.de\/wp-content\/uploads\/2020\/02\/weingut-rings-europa-logo-1024x683.png\" alt=\"\" data-id=\"1188\" data-full-url=\"https:\/\/weingut-rings.de\/wp-content\/uploads\/2020\/02\/weingut-rings-europa-logo.png\" data-link=\"https:\/\/weingut-rings.de\/weingut-rings-europa-logo\/\" class=\"wp-image-1188\" srcset=\"https:\/\/weingut-rings.de\/wp-content\/uploads\/2020\/02\/weingut-rings-europa-logo-1024x683.png 1024w, https:\/\/weingut-rings.de\/wp-content\/uploads\/2020\/02\/weingut-rings-europa-logo-300x200.png 300w, https:\/\/weingut-rings.de\/wp-content\/uploads\/2020\/02\/weingut-rings-europa-logo-768x512.png 768w, https:\/\/weingut-rings.de\/wp-content\/uploads\/2020\/02\/weingut-rings-europa-logo.png 1138w\" sizes=\"(max-width: 1024px) 100vw, 1024px\" \/><\/figure><\/li><li class=\"blocks-gallery-item\"><figure><img loading=\"lazy\" decoding=\"async\" width=\"1024\" height=\"682\" src=\"https:\/\/weingut-rings.de\/wp-content\/uploads\/2020\/02\/weingut-rings-rheinlandpfalz-logo-1024x682.png\" alt=\"\" data-id=\"1190\" data-full-url=\"https:\/\/weingut-rings.de\/wp-content\/uploads\/2020\/02\/weingut-rings-rheinlandpfalz-logo.png\" data-link=\"https:\/\/weingut-rings.de\/weingut-rings-rheinlandpfalz-logo\/\" class=\"wp-image-1190\" srcset=\"https:\/\/weingut-rings.de\/wp-content\/uploads\/2020\/02\/weingut-rings-rheinlandpfalz-logo-1024x682.png 1024w, https:\/\/weingut-rings.de\/wp-content\/uploads\/2020\/02\/weingut-rings-rheinlandpfalz-logo-300x200.png 300w, https:\/\/weingut-rings.de\/wp-content\/uploads\/2020\/02\/weingut-rings-rheinlandpfalz-logo-768x511.png 768w, https:\/\/weingut-rings.de\/wp-content\/uploads\/2020\/02\/weingut-rings-rheinlandpfalz-logo.png 1269w\" sizes=\"(max-width: 1024px) 100vw, 1024px\" \/><\/figure><\/li><\/ul><\/figure>\n","protected":false},"excerpt":{"rendered":"<p>Unser Unternehmen erh\u00e4lt im Rahmen des vom Ministerium f\u00fcr Wirtschaft, Verkehr, Landwirtschaft und Weinbau verwalteten rheinland-pf\u00e4lzischen Entwicklungsprogramms \u201eUmweltma\u00dfnahmen, L\u00e4ndliche Entwicklung, Landwirtschaft, Ern\u00e4hrung\u201c (EULLE) durch den Europ\u00e4ischen Landwirtschaftsfonds f\u00fcr die Entwicklung des l\u00e4ndlichen Raums (ELER) kofinanziert durch das Land und den Bund im Rahmen der Gemeinschaftsaufgabe \u201eVerbesserung der Agrarstruktur und des K\u00fcstenschutzes\u201c (GAK) eine F\u00f6rderung f\u00fcr [&hellip;]<\/p>\n","protected":false},"author":1,"featured_media":0,"parent":0,"menu_order":0,"comment_status":"closed","ping_status":"closed","template":"","meta":{"footnotes":""},"yoast_head":"\n<title>Funding by the EU &#8211; Weingut Rings<\/title>\n<meta name=\"robots\" content=\"index, follow, max-snippet:-1, max-image-preview:large, max-video-preview:-1\" \/>\n<link rel=\"canonical\" href=\"https:\/\/weingut-rings.de\/foerderung-durch-die-eu\/\" \/>\n<meta property=\"og:locale\" content=\"en_US\" \/>\n<meta property=\"og:type\" content=\"article\" \/>\n<meta property=\"og:title\" content=\"Funding by the EU &#8211; Weingut Rings\" \/>\n<meta property=\"og:description\" content=\"Unser Unternehmen erh\u00e4lt im Rahmen des vom Ministerium f\u00fcr Wirtschaft, Verkehr, Landwirtschaft und Weinbau verwalteten rheinland-pf\u00e4lzischen Entwicklungsprogramms \u201eUmweltma\u00dfnahmen, L\u00e4ndliche Entwicklung, Landwirtschaft, Ern\u00e4hrung\u201c (EULLE) durch den Europ\u00e4ischen Landwirtschaftsfonds f\u00fcr die Entwicklung des l\u00e4ndlichen Raums (ELER) kofinanziert durch das Land und den Bund im Rahmen der Gemeinschaftsaufgabe \u201eVerbesserung der Agrarstruktur und des K\u00fcstenschutzes\u201c (GAK) eine F\u00f6rderung f\u00fcr [&hellip;]\" \/>\n<meta property=\"og:url\" content=\"https:\/\/weingut-rings.de\/foerderung-durch-die-eu\/\" \/>\n<meta property=\"og:site_name\" content=\"Weingut Rings\" \/>\n<meta property=\"article:publisher\" content=\"https:\/\/www.facebook.com\/Weingut.Rings\" \/>\n<meta property=\"article:modified_time\" content=\"2022-10-10T13:44:18+00:00\" \/>\n<meta property=\"og:image\" content=\"https:\/\/weingut-rings.de\/wp-content\/uploads\/2020\/02\/weingut-rings-bmel-logo-1-1024x683.png\" \/>\n<meta name=\"twitter:card\" content=\"summary_large_image\" \/>\n<script type=\"application\/ld+json\" class=\"yoast-schema-graph\">{\"@context\":\"https:\/\/schema.org\",\"@graph\":[{\"@type\":\"WebPage\",\"@id\":\"https:\/\/weingut-rings.de\/foerderung-durch-die-eu\/\",\"url\":\"https:\/\/weingut-rings.de\/foerderung-durch-die-eu\/\",\"name\":\"Funding by the EU &#8211; Weingut Rings\",\"isPartOf\":{\"@id\":\"https:\/\/weingut-rings.de\/#website\"},\"datePublished\":\"2022-10-10T13:43:36+00:00\",\"dateModified\":\"2022-10-10T13:44:18+00:00\",\"breadcrumb\":{\"@id\":\"https:\/\/weingut-rings.de\/foerderung-durch-die-eu\/#breadcrumb\"},\"inLanguage\":\"en-US\",\"potentialAction\":[{\"@type\":\"ReadAction\",\"target\":[\"https:\/\/weingut-rings.de\/foerderung-durch-die-eu\/\"]}]},{\"@type\":\"BreadcrumbList\",\"@id\":\"https:\/\/weingut-rings.de\/foerderung-durch-die-eu\/#breadcrumb\",\"itemListElement\":[{\"@type\":\"ListItem\",\"position\":1,\"name\":\"Startseite\",\"item\":\"https:\/\/weingut-rings.de\/\"},{\"@type\":\"ListItem\",\"position\":2,\"name\":\"Funding by the EU\"}]},{\"@type\":\"WebSite\",\"@id\":\"https:\/\/weingut-rings.de\/#website\",\"url\":\"https:\/\/weingut-rings.de\/\",\"name\":\"Weingut Rings\",\"description\":\"Das Weingut Rings, seit 2015 Mitglied im VDP, wird von den Br\u00fcdern Steffen und Andreas gef\u00fchrt. Im Fokus steht der herkunftsgepr\u00e4gte Ausbau trockener Wei\u00df- und Rotweine aus renommierten Einzellagen rund um Freinsheim, Kallstadt, Ungstein und dem Berntal.\",\"publisher\":{\"@id\":\"https:\/\/weingut-rings.de\/#organization\"},\"potentialAction\":[{\"@type\":\"SearchAction\",\"target\":{\"@type\":\"EntryPoint\",\"urlTemplate\":\"https:\/\/weingut-rings.de\/?s={search_term_string}\"},\"query-input\":\"required name=search_term_string\"}],\"inLanguage\":\"en-US\"},{\"@type\":\"Organization\",\"@id\":\"https:\/\/weingut-rings.de\/#organization\",\"name\":\"Weingut Rings\",\"url\":\"https:\/\/weingut-rings.de\/\",\"logo\":{\"@type\":\"ImageObject\",\"inLanguage\":\"en-US\",\"@id\":\"https:\/\/weingut-rings.de\/#\/schema\/logo\/image\/\",\"url\":\"https:\/\/weingut-rings.de\/wp-content\/uploads\/2019\/12\/logo.png\",\"contentUrl\":\"https:\/\/weingut-rings.de\/wp-content\/uploads\/2019\/12\/logo.png\",\"width\":2000,\"height\":2000,\"caption\":\"Weingut Rings\"},\"image\":{\"@id\":\"https:\/\/weingut-rings.de\/#\/schema\/logo\/image\/\"},\"sameAs\":[\"https:\/\/www.facebook.com\/Weingut.Rings\",\"https:\/\/www.instagram.com\/ringswein\/\"]}]}<\/script>\n","yoast_head_json":{"title":"Funding by the EU &#8211; Weingut Rings","robots":{"index":"index","follow":"follow","max-snippet":"max-snippet:-1","max-image-preview":"max-image-preview:large","max-video-preview":"max-video-preview:-1"},"canonical":"https:\/\/weingut-rings.de\/foerderung-durch-die-eu\/","og_locale":"en_US","og_type":"article","og_title":"Funding by the EU &#8211; Weingut Rings","og_description":"Unser Unternehmen erh\u00e4lt im Rahmen des vom Ministerium f\u00fcr Wirtschaft, Verkehr, Landwirtschaft und Weinbau verwalteten rheinland-pf\u00e4lzischen Entwicklungsprogramms \u201eUmweltma\u00dfnahmen, L\u00e4ndliche Entwicklung, Landwirtschaft, Ern\u00e4hrung\u201c (EULLE) durch den Europ\u00e4ischen Landwirtschaftsfonds f\u00fcr die Entwicklung des l\u00e4ndlichen Raums (ELER) kofinanziert durch das Land und den Bund im Rahmen der Gemeinschaftsaufgabe \u201eVerbesserung der Agrarstruktur und des K\u00fcstenschutzes\u201c (GAK) eine F\u00f6rderung f\u00fcr [&hellip;]","og_url":"https:\/\/weingut-rings.de\/foerderung-durch-die-eu\/","og_site_name":"Weingut Rings","article_publisher":"https:\/\/www.facebook.com\/Weingut.Rings","article_modified_time":"2022-10-10T13:44:18+00:00","og_image":[{"url":"https:\/\/weingut-rings.de\/wp-content\/uploads\/2020\/02\/weingut-rings-bmel-logo-1-1024x683.png"}],"twitter_card":"summary_large_image","schema":{"@context":"https:\/\/schema.org","@graph":[{"@type":"WebPage","@id":"https:\/\/weingut-rings.de\/foerderung-durch-die-eu\/","url":"https:\/\/weingut-rings.de\/foerderung-durch-die-eu\/","name":"Funding by the EU &#8211; Weingut Rings","isPartOf":{"@id":"https:\/\/weingut-rings.de\/#website"},"datePublished":"2022-10-10T13:43:36+00:00","dateModified":"2022-10-10T13:44:18+00:00","breadcrumb":{"@id":"https:\/\/weingut-rings.de\/foerderung-durch-die-eu\/#breadcrumb"},"inLanguage":"en-US","potentialAction":[{"@type":"ReadAction","target":["https:\/\/weingut-rings.de\/foerderung-durch-die-eu\/"]}]},{"@type":"BreadcrumbList","@id":"https:\/\/weingut-rings.de\/foerderung-durch-die-eu\/#breadcrumb","itemListElement":[{"@type":"ListItem","position":1,"name":"Startseite","item":"https:\/\/weingut-rings.de\/"},{"@type":"ListItem","position":2,"name":"Funding by the EU"}]},{"@type":"WebSite","@id":"https:\/\/weingut-rings.de\/#website","url":"https:\/\/weingut-rings.de\/","name":"Weingut Rings","description":"Das Weingut Rings, seit 2015 Mitglied im VDP, wird von den Br\u00fcdern Steffen und Andreas gef\u00fchrt. Im Fokus steht der herkunftsgepr\u00e4gte Ausbau trockener Wei\u00df- und Rotweine aus renommierten Einzellagen rund um Freinsheim, Kallstadt, Ungstein und dem Berntal.","publisher":{"@id":"https:\/\/weingut-rings.de\/#organization"},"potentialAction":[{"@type":"SearchAction","target":{"@type":"EntryPoint","urlTemplate":"https:\/\/weingut-rings.de\/?s={search_term_string}"},"query-input":"required name=search_term_string"}],"inLanguage":"en-US"},{"@type":"Organization","@id":"https:\/\/weingut-rings.de\/#organization","name":"Weingut Rings","url":"https:\/\/weingut-rings.de\/","logo":{"@type":"ImageObject","inLanguage":"en-US","@id":"https:\/\/weingut-rings.de\/#\/schema\/logo\/image\/","url":"https:\/\/weingut-rings.de\/wp-content\/uploads\/2019\/12\/logo.png","contentUrl":"https:\/\/weingut-rings.de\/wp-content\/uploads\/2019\/12\/logo.png","width":2000,"height":2000,"caption":"Weingut Rings"},"image":{"@id":"https:\/\/weingut-rings.de\/#\/schema\/logo\/image\/"},"sameAs":["https:\/\/www.facebook.com\/Weingut.Rings","https:\/\/www.instagram.com\/ringswein\/"]}]}},"_links":{"self":[{"href":"https:\/\/weingut-rings.de\/en\/wp-json\/wp\/v2\/pages\/4231"}],"collection":[{"href":"https:\/\/weingut-rings.de\/en\/wp-json\/wp\/v2\/pages"}],"about":[{"href":"https:\/\/weingut-rings.de\/en\/wp-json\/wp\/v2\/types\/page"}],"author":[{"embeddable":true,"href":"https:\/\/weingut-rings.de\/en\/wp-json\/wp\/v2\/users\/1"}],"replies":[{"embeddable":true,"href":"https:\/\/weingut-rings.de\/en\/wp-json\/wp\/v2\/comments?post=4231"}],"version-history":[{"count":2,"href":"https:\/\/weingut-rings.de\/en\/wp-json\/wp\/v2\/pages\/4231\/revisions"}],"predecessor-version":[{"id":4234,"href":"https:\/\/weingut-rings.de\/en\/wp-json\/wp\/v2\/pages\/4231\/revisions\/4234"}],"wp:attachment":[{"href":"https:\/\/weingut-rings.de\/en\/wp-json\/wp\/v2\/media?parent=4231"}],"curies":[{"name":"wp","href":"https:\/\/api.w.org\/{rel}","templated":true}]}}